{"id":278,"date":"2021-01-07T09:35:35","date_gmt":"2021-01-07T09:35:35","guid":{"rendered":"https:\/\/nervenarztpraxis-wf.de\/?page_id=278"},"modified":"2021-08-10T19:34:08","modified_gmt":"2021-08-10T19:34:08","slug":"aktuelles","status":"publish","type":"page","link":"https:\/\/www.nervenarztpraxis-wf.de\/","title":{"rendered":"Aktuelles"},"content":{"rendered":"<section  class='av_textblock_section av-kjmocxxk-4e71351d7370ad64f001b25e11f78ea3 '   itemscope=\"itemscope\" itemtype=\"https:\/\/schema.org\/CreativeWork\" ><div class='avia_textblock'  itemprop=\"text\" ><h1>Hallo Wolfenb\u00fcttel!<\/h1>\n<p>Seit Januar 2021 sind wir f\u00fcr Sie in Wolfenb\u00fcttel da. Lesen Sie hier jeweils die aktuellsten Informationen oder nutzen Sie direkt unsere <a href=\"https:\/\/nervenarztpraxis-wf.de\/?page_id=11\">Online Terminvergabe<\/a>.<\/p>\n<\/div><\/section>\n\n<style type=\"text\/css\" data-created_by=\"avia_inline_auto\" id=\"style-css-av-h9j7q-15ed57bd7c1f0f6e82648d67cfe0c611\">\n.flex_column.av-h9j7q-15ed57bd7c1f0f6e82648d67cfe0c611{\nborder-radius:0px 0px 0px 0px;\npadding:0px 0px 0px 0px;\n}\n<\/style>\n<div  class='flex_column av-h9j7q-15ed57bd7c1f0f6e82648d67cfe0c611 av_one_full  avia-builder-el-1  el_after_av_textblock  el_before_av_google_map  avia-builder-el-last  first flex_column_div av-zero-column-padding  column-top-margin'     ><div  class='av-alb-blogposts template-blog  av-blog-meta-author-disabled av-blog-meta-comments-disabled av-blog-meta-html-info-disabled '  itemscope=\"itemscope\" itemtype=\"https:\/\/schema.org\/Blog\" ><article class=\"post-entry post-entry-type-standard post-entry-469 post-loop-1 post-parity-odd bloglist-excerpt  post-469 post type-post status-publish format-standard hentry category-uncategorized\"  itemscope=\"itemscope\" itemtype=\"https:\/\/schema.org\/BlogPosting\" ><div class=\"blog-meta\"><\/div><div class='entry-content-wrapper clearfix standard-content'><header class=\"entry-content-header\" aria-label=\"Post: Herzlich willkommen im Team !\"><h2 class='post-title entry-title '  itemprop=\"headline\" ><a href=\"https:\/\/www.nervenarztpraxis-wf.de\/?p=469\" rel=\"bookmark\" title=\"Permanenter Link zu: Herzlich willkommen im Team !\">Herzlich willkommen im Team !<span class=\"post-format-icon minor-meta\"><\/span><\/a><\/h2><\/header><span class=\"post-meta-infos\"><time class=\"date-container minor-meta updated\"  itemprop=\"datePublished\" datetime=\"2026-01-15T08:50:22+00:00\" >Januar 15, 2026<\/time><\/span><p>Wir freuen uns sehr \u00fcber Verst\u00e4rkung in unserer Praxis am Standort Salzgitter Bad: Frau Ladwig und Frau Weimann &#8211; Hadrich sind ab sofort Teil unseres Teams und bringen frischen Wind, Engagement und ganz viel Herzlichkeit mit. Mit ihrer fachlichen Kompetenz und ihrer offenen Art bereichern sie nicht nur unseren Praxisalltag, sondern sorgen auch daf\u00fcr, dass [&hellip;]<\/p>\n<div class=\"read-more-link\"><a href=\"https:\/\/www.nervenarztpraxis-wf.de\/?p=469\" class=\"more-link\">Weiterlesen<span class='more-link-arrow avia-svg-icon avia-font-svg_entypo-fontello' data-av_svg_icon='right-open-big' data-av_iconset='svg_entypo-fontello'><svg version=\"1.1\" xmlns=\"http:\/\/www.w3.org\/2000\/svg\" width=\"15\" height=\"32\" viewBox=\"0 0 15 32\" preserveAspectRatio=\"xMidYMid meet\" role=\"graphics-symbol\" aria-hidden=\"true\">\n<path d=\"M0.416 27.84l11.456-11.84-11.456-11.904q-0.832-0.832 0-1.536 0.832-0.832 1.536 0l12.544 12.608q0.768 0.832 0 1.6l-12.544 12.608q-0.704 0.832-1.536 0-0.832-0.704 0-1.536z\"><\/path>\n<\/svg><\/span><\/a><\/div><footer class=\"entry-footer\"><\/footer><div class='post_delimiter'><\/div><\/div><div class=\"post_author_timeline\"><\/div><span class='hidden'>\n\t\t\t\t<span class='av-structured-data'  itemprop=\"image\" itemscope=\"itemscope\" itemtype=\"https:\/\/schema.org\/ImageObject\" >\n\t\t\t\t\t\t<span itemprop='url'>https:\/\/nervenarztpraxis-wf.de\/wp-content\/uploads\/2020\/11\/praxislogo_nervenarzt_Dr_Ahl.jpg<\/span>\n\t\t\t\t\t\t<span itemprop='height'>0<\/span>\n\t\t\t\t\t\t<span itemprop='width'>0<\/span>\n\t\t\t\t<\/span>\n\t\t\t\t<span class='av-structured-data'  itemprop=\"publisher\" itemtype=\"https:\/\/schema.org\/Organization\" itemscope=\"itemscope\" >\n\t\t\t\t\t\t<span itemprop='name'>Bjoern Ahl<\/span>\n\t\t\t\t\t\t<span itemprop='logo' itemscope itemtype='https:\/\/schema.org\/ImageObject'>\n\t\t\t\t\t\t\t<span itemprop='url'>https:\/\/nervenarztpraxis-wf.de\/wp-content\/uploads\/2020\/11\/praxislogo_nervenarzt_Dr_Ahl.jpg<\/span>\n\t\t\t\t\t\t<\/span>\n\t\t\t\t<\/span><span class='av-structured-data'  itemprop=\"author\" itemscope=\"itemscope\" itemtype=\"https:\/\/schema.org\/Person\" ><span itemprop='name'>Bjoern Ahl<\/span><\/span><span class='av-structured-data'  itemprop=\"datePublished\" datetime=\"2026-01-15T08:50:22+00:00\" >2026-01-15 08:50:22<\/span><span class='av-structured-data'  itemprop=\"dateModified\" itemtype=\"https:\/\/schema.org\/dateModified\" >2026-02-20 09:53:00<\/span><span class='av-structured-data'  itemprop=\"mainEntityOfPage\" itemtype=\"https:\/\/schema.org\/mainEntityOfPage\" ><span itemprop='name'>Herzlich willkommen im Team !<\/span><\/span><\/span><\/article><article class=\"post-entry post-entry-type-standard post-entry-450 post-loop-2 post-parity-even bloglist-excerpt  post-450 post type-post status-publish format-standard hentry category-uncategorized\"  itemscope=\"itemscope\" itemtype=\"https:\/\/schema.org\/BlogPosting\" ><div class=\"blog-meta\"><\/div><div class='entry-content-wrapper clearfix standard-content'><header class=\"entry-content-header\" aria-label=\"Post: Terminanfrage \/ Terminvergabe\"><h2 class='post-title entry-title '  itemprop=\"headline\" ><a href=\"https:\/\/www.nervenarztpraxis-wf.de\/?p=450\" rel=\"bookmark\" title=\"Permanenter Link zu: Terminanfrage \/ Terminvergabe\">Terminanfrage \/ Terminvergabe<span class=\"post-format-icon minor-meta\"><\/span><\/a><\/h2><\/header><span class=\"post-meta-infos\"><time class=\"date-container minor-meta updated\"  itemprop=\"datePublished\" datetime=\"2025-12-09T13:56:55+00:00\" >Dezember 9, 2025<\/time><\/span><p>Sehr geehrte Patientinnen und Patienten, zum aktuellen Zeitpunkt ist es uns leider nicht m\u00f6glich, Ihnen die Funktion der Online \u2013 Terminvergabe anzubieten. Wir bitten um Entschuldigung. Gerne k\u00f6nnen Sie uns telefonisch, per Fax oder \u00fcber die angegebene E-Mail Adresse kontaktieren. Bei Anfragen per E- Mail hinterlassen Sie uns bitte Angaben \u00fcber Ihren Namen, Ihr Geburtsdatum [&hellip;]<\/p>\n<div class=\"read-more-link\"><a href=\"https:\/\/www.nervenarztpraxis-wf.de\/?p=450\" class=\"more-link\">Weiterlesen<span class='more-link-arrow avia-svg-icon avia-font-svg_entypo-fontello' data-av_svg_icon='right-open-big' data-av_iconset='svg_entypo-fontello'><svg version=\"1.1\" xmlns=\"http:\/\/www.w3.org\/2000\/svg\" width=\"15\" height=\"32\" viewBox=\"0 0 15 32\" preserveAspectRatio=\"xMidYMid meet\" role=\"graphics-symbol\" aria-hidden=\"true\">\n<path d=\"M0.416 27.84l11.456-11.84-11.456-11.904q-0.832-0.832 0-1.536 0.832-0.832 1.536 0l12.544 12.608q0.768 0.832 0 1.6l-12.544 12.608q-0.704 0.832-1.536 0-0.832-0.704 0-1.536z\"><\/path>\n<\/svg><\/span><\/a><\/div><footer class=\"entry-footer\"><\/footer><div class='post_delimiter'><\/div><\/div><div class=\"post_author_timeline\"><\/div><span class='hidden'>\n\t\t\t\t<span class='av-structured-data'  itemprop=\"image\" itemscope=\"itemscope\" itemtype=\"https:\/\/schema.org\/ImageObject\" >\n\t\t\t\t\t\t<span itemprop='url'>https:\/\/nervenarztpraxis-wf.de\/wp-content\/uploads\/2020\/11\/praxislogo_nervenarzt_Dr_Ahl.jpg<\/span>\n\t\t\t\t\t\t<span itemprop='height'>0<\/span>\n\t\t\t\t\t\t<span itemprop='width'>0<\/span>\n\t\t\t\t<\/span>\n\t\t\t\t<span class='av-structured-data'  itemprop=\"publisher\" itemtype=\"https:\/\/schema.org\/Organization\" itemscope=\"itemscope\" >\n\t\t\t\t\t\t<span itemprop='name'>Bjoern Ahl<\/span>\n\t\t\t\t\t\t<span itemprop='logo' itemscope itemtype='https:\/\/schema.org\/ImageObject'>\n\t\t\t\t\t\t\t<span itemprop='url'>https:\/\/nervenarztpraxis-wf.de\/wp-content\/uploads\/2020\/11\/praxislogo_nervenarzt_Dr_Ahl.jpg<\/span>\n\t\t\t\t\t\t<\/span>\n\t\t\t\t<\/span><span class='av-structured-data'  itemprop=\"author\" itemscope=\"itemscope\" itemtype=\"https:\/\/schema.org\/Person\" ><span itemprop='name'>Bjoern Ahl<\/span><\/span><span class='av-structured-data'  itemprop=\"datePublished\" datetime=\"2025-12-09T13:56:55+00:00\" >2025-12-09 13:56:55<\/span><span class='av-structured-data'  itemprop=\"dateModified\" itemtype=\"https:\/\/schema.org\/dateModified\" >2025-12-09 13:56:55<\/span><span class='av-structured-data'  itemprop=\"mainEntityOfPage\" itemtype=\"https:\/\/schema.org\/mainEntityOfPage\" ><span itemprop='name'>Terminanfrage \/ Terminvergabe<\/span><\/span><\/span><\/article><article class=\"post-entry post-entry-type-standard post-entry-338 post-loop-3 post-parity-odd bloglist-excerpt  post-338 post type-post status-publish format-standard hentry category-uncategorized\"  itemscope=\"itemscope\" itemtype=\"https:\/\/schema.org\/BlogPosting\" ><div class=\"blog-meta\"><\/div><div class='entry-content-wrapper clearfix standard-content'><header class=\"entry-content-header\" aria-label=\"Post: Kontaktdaten der Praxis in Salzgitter\"><h2 class='post-title entry-title '  itemprop=\"headline\" ><a href=\"https:\/\/www.nervenarztpraxis-wf.de\/?p=338\" rel=\"bookmark\" title=\"Permanenter Link zu: Kontaktdaten der Praxis in Salzgitter\">Kontaktdaten der Praxis in Salzgitter<span class=\"post-format-icon minor-meta\"><\/span><\/a><\/h2><\/header><span class=\"post-meta-infos\"><time class=\"date-container minor-meta updated\"  itemprop=\"datePublished\" datetime=\"2022-11-09T08:36:48+00:00\" >November 9, 2022<\/time><\/span><p>&nbsp; &nbsp; &nbsp; &nbsp; &nbsp; &nbsp; &nbsp; Christoph Meusen Facharzt f\u00fcr Neurologie, Psychiatrie und Psychotherapie Liebenhaller Stra\u00dfe 11 38259 Salzgitter Bad (direkt gegen\u00fcber dem Haupteingang des Elisabeth-Krankenhauses) &nbsp; Sie erreichen unsere Mitarbeiterinnen Frau Ladwig, Frau B\u00f6rner und Frau Weimann- Hadrich wie folgt: post@nervenarztpraxis-sz.de Tel: 05341-8641890 Fax: 05341-8641899 &nbsp;<\/p>\n<div class=\"read-more-link\"><a href=\"https:\/\/www.nervenarztpraxis-wf.de\/?p=338\" class=\"more-link\">Weiterlesen<span class='more-link-arrow avia-svg-icon avia-font-svg_entypo-fontello' data-av_svg_icon='right-open-big' data-av_iconset='svg_entypo-fontello'><svg version=\"1.1\" xmlns=\"http:\/\/www.w3.org\/2000\/svg\" width=\"15\" height=\"32\" viewBox=\"0 0 15 32\" preserveAspectRatio=\"xMidYMid meet\" role=\"graphics-symbol\" aria-hidden=\"true\">\n<path d=\"M0.416 27.84l11.456-11.84-11.456-11.904q-0.832-0.832 0-1.536 0.832-0.832 1.536 0l12.544 12.608q0.768 0.832 0 1.6l-12.544 12.608q-0.704 0.832-1.536 0-0.832-0.704 0-1.536z\"><\/path>\n<\/svg><\/span><\/a><\/div><footer class=\"entry-footer\"><\/footer><div class='post_delimiter'><\/div><\/div><div class=\"post_author_timeline\"><\/div><span class='hidden'>\n\t\t\t\t<span class='av-structured-data'  itemprop=\"image\" itemscope=\"itemscope\" itemtype=\"https:\/\/schema.org\/ImageObject\" >\n\t\t\t\t\t\t<span itemprop='url'>https:\/\/nervenarztpraxis-wf.de\/wp-content\/uploads\/2020\/11\/praxislogo_nervenarzt_Dr_Ahl.jpg<\/span>\n\t\t\t\t\t\t<span itemprop='height'>0<\/span>\n\t\t\t\t\t\t<span itemprop='width'>0<\/span>\n\t\t\t\t<\/span>\n\t\t\t\t<span class='av-structured-data'  itemprop=\"publisher\" itemtype=\"https:\/\/schema.org\/Organization\" itemscope=\"itemscope\" >\n\t\t\t\t\t\t<span itemprop='name'>Bjoern Ahl<\/span>\n\t\t\t\t\t\t<span itemprop='logo' itemscope itemtype='https:\/\/schema.org\/ImageObject'>\n\t\t\t\t\t\t\t<span itemprop='url'>https:\/\/nervenarztpraxis-wf.de\/wp-content\/uploads\/2020\/11\/praxislogo_nervenarzt_Dr_Ahl.jpg<\/span>\n\t\t\t\t\t\t<\/span>\n\t\t\t\t<\/span><span class='av-structured-data'  itemprop=\"author\" itemscope=\"itemscope\" itemtype=\"https:\/\/schema.org\/Person\" ><span itemprop='name'>Bjoern Ahl<\/span><\/span><span class='av-structured-data'  itemprop=\"datePublished\" datetime=\"2022-11-09T08:36:48+00:00\" >2022-11-09 08:36:48<\/span><span class='av-structured-data'  itemprop=\"dateModified\" itemtype=\"https:\/\/schema.org\/dateModified\" >2026-02-20 08:57:43<\/span><span class='av-structured-data'  itemprop=\"mainEntityOfPage\" itemtype=\"https:\/\/schema.org\/mainEntityOfPage\" ><span itemprop='name'>Kontaktdaten der Praxis in Salzgitter<\/span><\/span><\/span><\/article><article class=\"post-entry post-entry-type-standard post-entry-325 post-loop-4 post-parity-even bloglist-excerpt  post-325 post type-post status-publish format-standard hentry category-uncategorized\"  itemscope=\"itemscope\" itemtype=\"https:\/\/schema.org\/BlogPosting\" ><div class=\"blog-meta\"><\/div><div class='entry-content-wrapper clearfix standard-content'><header class=\"entry-content-header\" aria-label=\"Post: Zweite Praxis in Salzgitter Bad\"><h2 class='post-title entry-title '  itemprop=\"headline\" ><a href=\"https:\/\/www.nervenarztpraxis-wf.de\/?p=325\" rel=\"bookmark\" title=\"Permanenter Link zu: Zweite Praxis in Salzgitter Bad\">Zweite Praxis in Salzgitter Bad<span class=\"post-format-icon minor-meta\"><\/span><\/a><\/h2><\/header><span class=\"post-meta-infos\"><time class=\"date-container minor-meta updated\"  itemprop=\"datePublished\" datetime=\"2022-11-01T16:43:17+00:00\" >November 1, 2022<\/time><\/span><p>Sehr gute Nachrichten f\u00fcr die nerven\u00e4rztliche Versorgung der Region Salzgitter! Das ehemalige MVZ f\u00fcr Neurologie am Elisabeth-Krankenhaus Salzgitter praktizierte mangels eines Nachfolgers schon seit gut einem Jahr nicht mehr. Viele Anfragen aus Salzgitter konnten in Wolfenb\u00fcttel aus Kapazit\u00e4tsgr\u00fcnden nicht mehr bearbeitet werden. Die Bem\u00fchungen von Dr. Ahl um den Erhalt des Praxissitzes waren nun endlich [&hellip;]<\/p>\n<div class=\"read-more-link\"><a href=\"https:\/\/www.nervenarztpraxis-wf.de\/?p=325\" class=\"more-link\">Weiterlesen<span class='more-link-arrow avia-svg-icon avia-font-svg_entypo-fontello' data-av_svg_icon='right-open-big' data-av_iconset='svg_entypo-fontello'><svg version=\"1.1\" xmlns=\"http:\/\/www.w3.org\/2000\/svg\" width=\"15\" height=\"32\" viewBox=\"0 0 15 32\" preserveAspectRatio=\"xMidYMid meet\" role=\"graphics-symbol\" aria-hidden=\"true\">\n<path d=\"M0.416 27.84l11.456-11.84-11.456-11.904q-0.832-0.832 0-1.536 0.832-0.832 1.536 0l12.544 12.608q0.768 0.832 0 1.6l-12.544 12.608q-0.704 0.832-1.536 0-0.832-0.704 0-1.536z\"><\/path>\n<\/svg><\/span><\/a><\/div><footer class=\"entry-footer\"><\/footer><div class='post_delimiter'><\/div><\/div><div class=\"post_author_timeline\"><\/div><span class='hidden'>\n\t\t\t\t<span class='av-structured-data'  itemprop=\"image\" itemscope=\"itemscope\" itemtype=\"https:\/\/schema.org\/ImageObject\" >\n\t\t\t\t\t\t<span itemprop='url'>https:\/\/nervenarztpraxis-wf.de\/wp-content\/uploads\/2020\/11\/praxislogo_nervenarzt_Dr_Ahl.jpg<\/span>\n\t\t\t\t\t\t<span itemprop='height'>0<\/span>\n\t\t\t\t\t\t<span itemprop='width'>0<\/span>\n\t\t\t\t<\/span>\n\t\t\t\t<span class='av-structured-data'  itemprop=\"publisher\" itemtype=\"https:\/\/schema.org\/Organization\" itemscope=\"itemscope\" >\n\t\t\t\t\t\t<span itemprop='name'>Bjoern Ahl<\/span>\n\t\t\t\t\t\t<span itemprop='logo' itemscope itemtype='https:\/\/schema.org\/ImageObject'>\n\t\t\t\t\t\t\t<span itemprop='url'>https:\/\/nervenarztpraxis-wf.de\/wp-content\/uploads\/2020\/11\/praxislogo_nervenarzt_Dr_Ahl.jpg<\/span>\n\t\t\t\t\t\t<\/span>\n\t\t\t\t<\/span><span class='av-structured-data'  itemprop=\"author\" itemscope=\"itemscope\" itemtype=\"https:\/\/schema.org\/Person\" ><span itemprop='name'>Bjoern Ahl<\/span><\/span><span class='av-structured-data'  itemprop=\"datePublished\" datetime=\"2022-11-01T16:43:17+00:00\" >2022-11-01 16:43:17<\/span><span class='av-structured-data'  itemprop=\"dateModified\" itemtype=\"https:\/\/schema.org\/dateModified\" >2023-08-24 18:35:29<\/span><span class='av-structured-data'  itemprop=\"mainEntityOfPage\" itemtype=\"https:\/\/schema.org\/mainEntityOfPage\" ><span itemprop='name'>Zweite Praxis in Salzgitter Bad<\/span><\/span><\/span><\/article><article class=\"post-entry post-entry-type-standard post-entry-321 post-loop-5 post-parity-odd bloglist-excerpt  post-321 post type-post status-publish format-standard hentry category-uncategorized\"  itemscope=\"itemscope\" itemtype=\"https:\/\/schema.org\/BlogPosting\" ><div class=\"blog-meta\"><\/div><div class='entry-content-wrapper clearfix standard-content'><header class=\"entry-content-header\" aria-label=\"Post: Personelle Neuigkeiten\"><h2 class='post-title entry-title '  itemprop=\"headline\" ><a href=\"https:\/\/www.nervenarztpraxis-wf.de\/?p=321\" rel=\"bookmark\" title=\"Permanenter Link zu: Personelle Neuigkeiten\">Personelle Neuigkeiten<span class=\"post-format-icon minor-meta\"><\/span><\/a><\/h2><\/header><span class=\"post-meta-infos\"><time class=\"date-container minor-meta updated\"  itemprop=\"datePublished\" datetime=\"2022-09-04T16:23:37+00:00\" >September 4, 2022<\/time><\/span><p>Seit dem 01. September 2022 kann die Praxis eine neue Mitarbeiterinnen begr\u00fc\u00dfen! Frau Silke Gro\u00df wird als angestellte Fach\u00e4rztin f\u00fcr Psychiatrie und Psychotherapie von Dienstag bis Freitag Sprechstunden in Wolfenb\u00fcttel anbieten, und sich insbesondere um die Diagnostik und Behandlung von Patienten mit ADHS\/ADS k\u00fcmmern. N\u00e4here Ausf\u00fchrungen hierzu werden folgen. &nbsp; Und auch im Jahr 2023 [&hellip;]<\/p>\n<div class=\"read-more-link\"><a href=\"https:\/\/www.nervenarztpraxis-wf.de\/?p=321\" class=\"more-link\">Weiterlesen<span class='more-link-arrow avia-svg-icon avia-font-svg_entypo-fontello' data-av_svg_icon='right-open-big' data-av_iconset='svg_entypo-fontello'><svg version=\"1.1\" xmlns=\"http:\/\/www.w3.org\/2000\/svg\" width=\"15\" height=\"32\" viewBox=\"0 0 15 32\" preserveAspectRatio=\"xMidYMid meet\" role=\"graphics-symbol\" aria-hidden=\"true\">\n<path d=\"M0.416 27.84l11.456-11.84-11.456-11.904q-0.832-0.832 0-1.536 0.832-0.832 1.536 0l12.544 12.608q0.768 0.832 0 1.6l-12.544 12.608q-0.704 0.832-1.536 0-0.832-0.704 0-1.536z\"><\/path>\n<\/svg><\/span><\/a><\/div><footer class=\"entry-footer\"><\/footer><div class='post_delimiter'><\/div><\/div><div class=\"post_author_timeline\"><\/div><span class='hidden'>\n\t\t\t\t<span class='av-structured-data'  itemprop=\"image\" itemscope=\"itemscope\" itemtype=\"https:\/\/schema.org\/ImageObject\" >\n\t\t\t\t\t\t<span itemprop='url'>https:\/\/nervenarztpraxis-wf.de\/wp-content\/uploads\/2020\/11\/praxislogo_nervenarzt_Dr_Ahl.jpg<\/span>\n\t\t\t\t\t\t<span itemprop='height'>0<\/span>\n\t\t\t\t\t\t<span itemprop='width'>0<\/span>\n\t\t\t\t<\/span>\n\t\t\t\t<span class='av-structured-data'  itemprop=\"publisher\" itemtype=\"https:\/\/schema.org\/Organization\" itemscope=\"itemscope\" >\n\t\t\t\t\t\t<span itemprop='name'>Bjoern Ahl<\/span>\n\t\t\t\t\t\t<span itemprop='logo' itemscope itemtype='https:\/\/schema.org\/ImageObject'>\n\t\t\t\t\t\t\t<span itemprop='url'>https:\/\/nervenarztpraxis-wf.de\/wp-content\/uploads\/2020\/11\/praxislogo_nervenarzt_Dr_Ahl.jpg<\/span>\n\t\t\t\t\t\t<\/span>\n\t\t\t\t<\/span><span class='av-structured-data'  itemprop=\"author\" itemscope=\"itemscope\" itemtype=\"https:\/\/schema.org\/Person\" ><span itemprop='name'>Bjoern Ahl<\/span><\/span><span class='av-structured-data'  itemprop=\"datePublished\" datetime=\"2022-09-04T16:23:37+00:00\" >2022-09-04 16:23:37<\/span><span class='av-structured-data'  itemprop=\"dateModified\" itemtype=\"https:\/\/schema.org\/dateModified\" >2025-12-09 14:00:17<\/span><span class='av-structured-data'  itemprop=\"mainEntityOfPage\" itemtype=\"https:\/\/schema.org\/mainEntityOfPage\" ><span itemprop='name'>Personelle Neuigkeiten<\/span><\/span><\/span><\/article><article class=\"post-entry post-entry-type-standard post-entry-303 post-loop-6 post-parity-even bloglist-excerpt  post-303 post type-post status-publish format-standard hentry category-uncategorized\"  itemscope=\"itemscope\" itemtype=\"https:\/\/schema.org\/BlogPosting\" ><div class=\"blog-meta\"><\/div><div class='entry-content-wrapper clearfix standard-content'><header class=\"entry-content-header\" aria-label=\"Post: Wir machen Urlaub\"><h2 class='post-title entry-title '  itemprop=\"headline\" ><a href=\"https:\/\/www.nervenarztpraxis-wf.de\/?p=303\" rel=\"bookmark\" title=\"Permanenter Link zu: Wir machen Urlaub\">Wir machen Urlaub<span class=\"post-format-icon minor-meta\"><\/span><\/a><\/h2><\/header><span class=\"post-meta-infos\"><time class=\"date-container minor-meta updated\"  itemprop=\"datePublished\" datetime=\"2021-08-10T19:26:06+00:00\" >August 10, 2021<\/time><\/span><p>Die Praxis macht Urlaub von Mittwoch 11.8.2021 bis Dienstag 31.8.2021.&nbsp;Unsere Vertretung \u00fcbernimmt die Neurologische-psychiatrische Gemeinschaftspraxis in der Okerstra\u00dfe (Dres. Sollmann, Cordes, Schierenbeck und Wortmann). Falls Sie in meiner Urlaubszeit ein Rezept ben\u00f6tigen, m\u00f6chte ich Sie bitten, ihren Medikationsplan dort vorzulegen. Vielen Dank f\u00fcr Ihr Verst\u00e4ndnis!<\/p>\n<div class=\"read-more-link\"><a href=\"https:\/\/www.nervenarztpraxis-wf.de\/?p=303\" class=\"more-link\">Weiterlesen<span class='more-link-arrow avia-svg-icon avia-font-svg_entypo-fontello' data-av_svg_icon='right-open-big' data-av_iconset='svg_entypo-fontello'><svg version=\"1.1\" xmlns=\"http:\/\/www.w3.org\/2000\/svg\" width=\"15\" height=\"32\" viewBox=\"0 0 15 32\" preserveAspectRatio=\"xMidYMid meet\" role=\"graphics-symbol\" aria-hidden=\"true\">\n<path d=\"M0.416 27.84l11.456-11.84-11.456-11.904q-0.832-0.832 0-1.536 0.832-0.832 1.536 0l12.544 12.608q0.768 0.832 0 1.6l-12.544 12.608q-0.704 0.832-1.536 0-0.832-0.704 0-1.536z\"><\/path>\n<\/svg><\/span><\/a><\/div><footer class=\"entry-footer\"><\/footer><div class='post_delimiter'><\/div><\/div><div class=\"post_author_timeline\"><\/div><span class='hidden'>\n\t\t\t\t<span class='av-structured-data'  itemprop=\"image\" itemscope=\"itemscope\" itemtype=\"https:\/\/schema.org\/ImageObject\" >\n\t\t\t\t\t\t<span itemprop='url'>https:\/\/nervenarztpraxis-wf.de\/wp-content\/uploads\/2020\/11\/praxislogo_nervenarzt_Dr_Ahl.jpg<\/span>\n\t\t\t\t\t\t<span itemprop='height'>0<\/span>\n\t\t\t\t\t\t<span itemprop='width'>0<\/span>\n\t\t\t\t<\/span>\n\t\t\t\t<span class='av-structured-data'  itemprop=\"publisher\" itemtype=\"https:\/\/schema.org\/Organization\" itemscope=\"itemscope\" >\n\t\t\t\t\t\t<span itemprop='name'>admin<\/span>\n\t\t\t\t\t\t<span itemprop='logo' itemscope itemtype='https:\/\/schema.org\/ImageObject'>\n\t\t\t\t\t\t\t<span itemprop='url'>https:\/\/nervenarztpraxis-wf.de\/wp-content\/uploads\/2020\/11\/praxislogo_nervenarzt_Dr_Ahl.jpg<\/span>\n\t\t\t\t\t\t<\/span>\n\t\t\t\t<\/span><span class='av-structured-data'  itemprop=\"author\" itemscope=\"itemscope\" itemtype=\"https:\/\/schema.org\/Person\" ><span itemprop='name'>admin<\/span><\/span><span class='av-structured-data'  itemprop=\"datePublished\" datetime=\"2021-08-10T19:26:06+00:00\" >2021-08-10 19:26:06<\/span><span class='av-structured-data'  itemprop=\"dateModified\" itemtype=\"https:\/\/schema.org\/dateModified\" >2022-09-06 12:29:26<\/span><span class='av-structured-data'  itemprop=\"mainEntityOfPage\" itemtype=\"https:\/\/schema.org\/mainEntityOfPage\" ><span itemprop='name'>Wir machen Urlaub<\/span><\/span><\/span><\/article><article class=\"post-entry post-entry-type-standard post-entry-296 post-loop-7 post-parity-odd bloglist-excerpt  post-296 post type-post status-publish format-standard hentry category-uncategorized\"  itemscope=\"itemscope\" itemtype=\"https:\/\/schema.org\/BlogPosting\" ><div class=\"blog-meta\"><\/div><div class='entry-content-wrapper clearfix standard-content'><header class=\"entry-content-header\" aria-label=\"Post: Umzugstage der Nerven\u00e4rztlichen Praxis\"><h2 class='post-title entry-title '  itemprop=\"headline\" ><a href=\"https:\/\/www.nervenarztpraxis-wf.de\/?p=296\" rel=\"bookmark\" title=\"Permanenter Link zu: Umzugstage der Nerven\u00e4rztlichen Praxis\">Umzugstage der Nerven\u00e4rztlichen Praxis<span class=\"post-format-icon minor-meta\"><\/span><\/a><\/h2><\/header><span class=\"post-meta-infos\"><time class=\"date-container minor-meta updated\"  itemprop=\"datePublished\" datetime=\"2021-06-27T20:51:00+00:00\" >Juni 27, 2021<\/time><\/span><p>Am Dienstag, den 28.06. und Mittwoch, den 29.06.2021 werden wir nun endlich vom Holzmarkt in das Med 51 umziehen! An diesen Tagen sind wir aller Wahrscheinlichkeit nach auch telefonisch so gut wie nicht erreichbar. Sie k\u00f6nnen uns aber Ihr Anliegen oder Rezeptwunsch gerne per E-Mail (post@nervenarztpraxis-wf.de) oder per Fax (05331\/6793499) zukommen lassen.&nbsp;Ab Donnerstag, dem 1. [&hellip;]<\/p>\n<div class=\"read-more-link\"><a href=\"https:\/\/www.nervenarztpraxis-wf.de\/?p=296\" class=\"more-link\">Weiterlesen<span class='more-link-arrow avia-svg-icon avia-font-svg_entypo-fontello' data-av_svg_icon='right-open-big' data-av_iconset='svg_entypo-fontello'><svg version=\"1.1\" xmlns=\"http:\/\/www.w3.org\/2000\/svg\" width=\"15\" height=\"32\" viewBox=\"0 0 15 32\" preserveAspectRatio=\"xMidYMid meet\" role=\"graphics-symbol\" aria-hidden=\"true\">\n<path d=\"M0.416 27.84l11.456-11.84-11.456-11.904q-0.832-0.832 0-1.536 0.832-0.832 1.536 0l12.544 12.608q0.768 0.832 0 1.6l-12.544 12.608q-0.704 0.832-1.536 0-0.832-0.704 0-1.536z\"><\/path>\n<\/svg><\/span><\/a><\/div><footer class=\"entry-footer\"><\/footer><div class='post_delimiter'><\/div><\/div><div class=\"post_author_timeline\"><\/div><span class='hidden'>\n\t\t\t\t<span class='av-structured-data'  itemprop=\"image\" itemscope=\"itemscope\" itemtype=\"https:\/\/schema.org\/ImageObject\" >\n\t\t\t\t\t\t<span itemprop='url'>https:\/\/nervenarztpraxis-wf.de\/wp-content\/uploads\/2020\/11\/praxislogo_nervenarzt_Dr_Ahl.jpg<\/span>\n\t\t\t\t\t\t<span itemprop='height'>0<\/span>\n\t\t\t\t\t\t<span itemprop='width'>0<\/span>\n\t\t\t\t<\/span>\n\t\t\t\t<span class='av-structured-data'  itemprop=\"publisher\" itemtype=\"https:\/\/schema.org\/Organization\" itemscope=\"itemscope\" >\n\t\t\t\t\t\t<span itemprop='name'>admin<\/span>\n\t\t\t\t\t\t<span itemprop='logo' itemscope itemtype='https:\/\/schema.org\/ImageObject'>\n\t\t\t\t\t\t\t<span itemprop='url'>https:\/\/nervenarztpraxis-wf.de\/wp-content\/uploads\/2020\/11\/praxislogo_nervenarzt_Dr_Ahl.jpg<\/span>\n\t\t\t\t\t\t<\/span>\n\t\t\t\t<\/span><span class='av-structured-data'  itemprop=\"author\" itemscope=\"itemscope\" itemtype=\"https:\/\/schema.org\/Person\" ><span itemprop='name'>admin<\/span><\/span><span class='av-structured-data'  itemprop=\"datePublished\" datetime=\"2021-06-27T20:51:00+00:00\" >2021-06-27 20:51:00<\/span><span class='av-structured-data'  itemprop=\"dateModified\" itemtype=\"https:\/\/schema.org\/dateModified\" >2022-09-06 12:29:14<\/span><span class='av-structured-data'  itemprop=\"mainEntityOfPage\" itemtype=\"https:\/\/schema.org\/mainEntityOfPage\" ><span itemprop='name'>Umzugstage der Nerven\u00e4rztlichen Praxis<\/span><\/span><\/span><\/article><article class=\"post-entry post-entry-type-standard post-entry-288 post-loop-8 post-parity-even bloglist-excerpt  post-288 post type-post status-publish format-standard hentry category-uncategorized\"  itemscope=\"itemscope\" itemtype=\"https:\/\/schema.org\/BlogPosting\" ><div class=\"blog-meta\"><\/div><div class='entry-content-wrapper clearfix standard-content'><header class=\"entry-content-header\" aria-label=\"Post: Presseartikel vom 17.01.2021\"><h2 class='post-title entry-title '  itemprop=\"headline\" ><a href=\"https:\/\/www.nervenarztpraxis-wf.de\/?p=288\" rel=\"bookmark\" title=\"Permanenter Link zu: Presseartikel vom 17.01.2021\">Presseartikel vom 17.01.2021<span class=\"post-format-icon minor-meta\"><\/span><\/a><\/h2><\/header><span class=\"post-meta-infos\"><time class=\"date-container minor-meta updated\"  itemprop=\"datePublished\" datetime=\"2021-01-26T20:47:06+00:00\" >Januar 26, 2021<\/time><\/span><div class=\"read-more-link\"><a href=\"https:\/\/www.nervenarztpraxis-wf.de\/?p=288\" class=\"more-link\">Weiterlesen<span class='more-link-arrow avia-svg-icon avia-font-svg_entypo-fontello' data-av_svg_icon='right-open-big' data-av_iconset='svg_entypo-fontello'><svg version=\"1.1\" xmlns=\"http:\/\/www.w3.org\/2000\/svg\" width=\"15\" height=\"32\" viewBox=\"0 0 15 32\" preserveAspectRatio=\"xMidYMid meet\" role=\"graphics-symbol\" aria-hidden=\"true\">\n<path d=\"M0.416 27.84l11.456-11.84-11.456-11.904q-0.832-0.832 0-1.536 0.832-0.832 1.536 0l12.544 12.608q0.768 0.832 0 1.6l-12.544 12.608q-0.704 0.832-1.536 0-0.832-0.704 0-1.536z\"><\/path>\n<\/svg><\/span><\/a><\/div><footer class=\"entry-footer\"><\/footer><div class='post_delimiter'><\/div><\/div><div class=\"post_author_timeline\"><\/div><span class='hidden'>\n\t\t\t\t<span class='av-structured-data'  itemprop=\"image\" itemscope=\"itemscope\" itemtype=\"https:\/\/schema.org\/ImageObject\" >\n\t\t\t\t\t\t<span itemprop='url'>https:\/\/nervenarztpraxis-wf.de\/wp-content\/uploads\/2020\/11\/praxislogo_nervenarzt_Dr_Ahl.jpg<\/span>\n\t\t\t\t\t\t<span itemprop='height'>0<\/span>\n\t\t\t\t\t\t<span itemprop='width'>0<\/span>\n\t\t\t\t<\/span>\n\t\t\t\t<span class='av-structured-data'  itemprop=\"publisher\" itemtype=\"https:\/\/schema.org\/Organization\" itemscope=\"itemscope\" >\n\t\t\t\t\t\t<span itemprop='name'>admin<\/span>\n\t\t\t\t\t\t<span itemprop='logo' itemscope itemtype='https:\/\/schema.org\/ImageObject'>\n\t\t\t\t\t\t\t<span itemprop='url'>https:\/\/nervenarztpraxis-wf.de\/wp-content\/uploads\/2020\/11\/praxislogo_nervenarzt_Dr_Ahl.jpg<\/span>\n\t\t\t\t\t\t<\/span>\n\t\t\t\t<\/span><span class='av-structured-data'  itemprop=\"author\" itemscope=\"itemscope\" itemtype=\"https:\/\/schema.org\/Person\" ><span itemprop='name'>admin<\/span><\/span><span class='av-structured-data'  itemprop=\"datePublished\" datetime=\"2021-01-26T20:47:06+00:00\" >2021-01-26 20:47:06<\/span><span class='av-structured-data'  itemprop=\"dateModified\" itemtype=\"https:\/\/schema.org\/dateModified\" >2022-09-06 12:29:58<\/span><span class='av-structured-data'  itemprop=\"mainEntityOfPage\" itemtype=\"https:\/\/schema.org\/mainEntityOfPage\" ><span itemprop='name'>Presseartikel vom 17.01.2021<\/span><\/span><\/span><\/article><article class=\"post-entry post-entry-type-standard post-entry-264 post-loop-9 post-parity-odd bloglist-excerpt with-slider post-264 post type-post status-publish format-standard has-post-thumbnail hentry category-uncategorized\"  itemscope=\"itemscope\" itemtype=\"https:\/\/schema.org\/BlogPosting\" ><div class=\"blog-meta\"><\/div><div class='entry-content-wrapper clearfix standard-content'><header class=\"entry-content-header\" aria-label=\"Post: Presseartikel vom 03.01.2021\"><h2 class='post-title entry-title '  itemprop=\"headline\" ><a href=\"https:\/\/www.nervenarztpraxis-wf.de\/?p=264\" rel=\"bookmark\" title=\"Permanenter Link zu: Presseartikel vom 03.01.2021\">Presseartikel vom 03.01.2021<span class=\"post-format-icon minor-meta\"><\/span><\/a><\/h2><\/header><span class=\"post-meta-infos\"><time class=\"date-container minor-meta updated\"  itemprop=\"datePublished\" datetime=\"2021-01-07T09:27:02+00:00\" >Januar 7, 2021<\/time><\/span><p>Die Er\u00f6ffnung der Praxis wurde in Wolfenb\u00fcttel in der Presse erw\u00e4hnt &#8230;<\/p>\n<div class=\"read-more-link\"><a href=\"https:\/\/www.nervenarztpraxis-wf.de\/?p=264\" class=\"more-link\">Weiterlesen<span class='more-link-arrow avia-svg-icon avia-font-svg_entypo-fontello' data-av_svg_icon='right-open-big' data-av_iconset='svg_entypo-fontello'><svg version=\"1.1\" xmlns=\"http:\/\/www.w3.org\/2000\/svg\" width=\"15\" height=\"32\" viewBox=\"0 0 15 32\" preserveAspectRatio=\"xMidYMid meet\" role=\"graphics-symbol\" aria-hidden=\"true\">\n<path d=\"M0.416 27.84l11.456-11.84-11.456-11.904q-0.832-0.832 0-1.536 0.832-0.832 1.536 0l12.544 12.608q0.768 0.832 0 1.6l-12.544 12.608q-0.704 0.832-1.536 0-0.832-0.704 0-1.536z\"><\/path>\n<\/svg><\/span><\/a><\/div><footer class=\"entry-footer\"><\/footer><div class='post_delimiter'><\/div><\/div><div class=\"post_author_timeline\"><\/div><span class='hidden'>\n\t\t\t\t<span class='av-structured-data'  itemprop=\"image\" itemscope=\"itemscope\" itemtype=\"https:\/\/schema.org\/ImageObject\" >\n\t\t\t\t\t\t<span itemprop='url'>https:\/\/www.nervenarztpraxis-wf.de\/wp-content\/uploads\/2021\/01\/Bild-06.01.21-um-22.27.jpg<\/span>\n\t\t\t\t\t\t<span itemprop='height'>312<\/span>\n\t\t\t\t\t\t<span itemprop='width'>528<\/span>\n\t\t\t\t<\/span>\n\t\t\t\t<span class='av-structured-data'  itemprop=\"publisher\" itemtype=\"https:\/\/schema.org\/Organization\" itemscope=\"itemscope\" >\n\t\t\t\t\t\t<span itemprop='name'>admin<\/span>\n\t\t\t\t\t\t<span itemprop='logo' itemscope itemtype='https:\/\/schema.org\/ImageObject'>\n\t\t\t\t\t\t\t<span itemprop='url'>https:\/\/nervenarztpraxis-wf.de\/wp-content\/uploads\/2020\/11\/praxislogo_nervenarzt_Dr_Ahl.jpg<\/span>\n\t\t\t\t\t\t<\/span>\n\t\t\t\t<\/span><span class='av-structured-data'  itemprop=\"author\" itemscope=\"itemscope\" itemtype=\"https:\/\/schema.org\/Person\" ><span itemprop='name'>admin<\/span><\/span><span class='av-structured-data'  itemprop=\"datePublished\" datetime=\"2021-01-07T09:27:02+00:00\" >2021-01-07 09:27:02<\/span><span class='av-structured-data'  itemprop=\"dateModified\" itemtype=\"https:\/\/schema.org\/dateModified\" >2022-09-06 12:29:04<\/span><span class='av-structured-data'  itemprop=\"mainEntityOfPage\" itemtype=\"https:\/\/schema.org\/mainEntityOfPage\" ><span itemprop='name'>Presseartikel vom 03.01.2021<\/span><\/span><\/span><\/article><article class=\"post-entry post-entry-type-standard post-entry-1 post-loop-10 post-parity-even post-entry-last bloglist-excerpt  post-1 post type-post status-publish format-standard hentry category-uncategorized\"  itemscope=\"itemscope\" itemtype=\"https:\/\/schema.org\/BlogPosting\" ><div class=\"blog-meta\"><\/div><div class='entry-content-wrapper clearfix standard-content'><header class=\"entry-content-header\" aria-label=\"Post: Er\u00f6ffnung einer Nerven\u00e4rztlichen Praxis in Wolfenb\u00fcttel ab Januar 2021\"><h2 class='post-title entry-title '  itemprop=\"headline\" ><a href=\"https:\/\/www.nervenarztpraxis-wf.de\/?p=1\" rel=\"bookmark\" title=\"Permanenter Link zu: Er\u00f6ffnung einer Nerven\u00e4rztlichen Praxis in Wolfenb\u00fcttel ab Januar 2021\">Er\u00f6ffnung einer Nerven\u00e4rztlichen Praxis in Wolfenb\u00fcttel ab Januar 2021<span class=\"post-format-icon minor-meta\"><\/span><\/a><\/h2><\/header><span class=\"post-meta-infos\"><time class=\"date-container minor-meta updated\"  itemprop=\"datePublished\" datetime=\"2020-11-25T12:15:53+00:00\" >November 25, 2020<\/time><\/span><p>Sehr geehrte Damen und Herren, liebe Kolleginnen und Kollegen,<\/p>\n<p>ab Januar 2021 werde ich meine nerven\u00e4rztliche Praxist\u00e4tigkeit in Wolfenb\u00fcttel aufnehmen. F\u00fcr mich bedeutet dieser Schritt nach Studium und Ausbildung zum Neurologen an der MHH sowie einer langen und sch\u00f6nen Zeit an der Klinik Dr. Fontheim in Liebenburg die berufliche R\u00fcckkehr in meine Heimatstadt &#8230;.<\/p>\n<div class=\"read-more-link\"><a href=\"https:\/\/www.nervenarztpraxis-wf.de\/?p=1\" class=\"more-link\">Weiterlesen<span class='more-link-arrow avia-svg-icon avia-font-svg_entypo-fontello' data-av_svg_icon='right-open-big' data-av_iconset='svg_entypo-fontello'><svg version=\"1.1\" xmlns=\"http:\/\/www.w3.org\/2000\/svg\" width=\"15\" height=\"32\" viewBox=\"0 0 15 32\" preserveAspectRatio=\"xMidYMid meet\" role=\"graphics-symbol\" aria-hidden=\"true\">\n<path d=\"M0.416 27.84l11.456-11.84-11.456-11.904q-0.832-0.832 0-1.536 0.832-0.832 1.536 0l12.544 12.608q0.768 0.832 0 1.6l-12.544 12.608q-0.704 0.832-1.536 0-0.832-0.704 0-1.536z\"><\/path>\n<\/svg><\/span><\/a><\/div><footer class=\"entry-footer\"><\/footer><div class='post_delimiter'><\/div><\/div><div class=\"post_author_timeline\"><\/div><span class='hidden'>\n\t\t\t\t<span class='av-structured-data'  itemprop=\"image\" itemscope=\"itemscope\" itemtype=\"https:\/\/schema.org\/ImageObject\" >\n\t\t\t\t\t\t<span itemprop='url'>https:\/\/nervenarztpraxis-wf.de\/wp-content\/uploads\/2020\/11\/praxislogo_nervenarzt_Dr_Ahl.jpg<\/span>\n\t\t\t\t\t\t<span itemprop='height'>0<\/span>\n\t\t\t\t\t\t<span itemprop='width'>0<\/span>\n\t\t\t\t<\/span>\n\t\t\t\t<span class='av-structured-data'  itemprop=\"publisher\" itemtype=\"https:\/\/schema.org\/Organization\" itemscope=\"itemscope\" >\n\t\t\t\t\t\t<span itemprop='name'>admin<\/span>\n\t\t\t\t\t\t<span itemprop='logo' itemscope itemtype='https:\/\/schema.org\/ImageObject'>\n\t\t\t\t\t\t\t<span itemprop='url'>https:\/\/nervenarztpraxis-wf.de\/wp-content\/uploads\/2020\/11\/praxislogo_nervenarzt_Dr_Ahl.jpg<\/span>\n\t\t\t\t\t\t<\/span>\n\t\t\t\t<\/span><span class='av-structured-data'  itemprop=\"author\" itemscope=\"itemscope\" itemtype=\"https:\/\/schema.org\/Person\" ><span itemprop='name'>admin<\/span><\/span><span class='av-structured-data'  itemprop=\"datePublished\" datetime=\"2020-11-25T12:15:53+00:00\" >2020-11-25 12:15:53<\/span><span class='av-structured-data'  itemprop=\"dateModified\" itemtype=\"https:\/\/schema.org\/dateModified\" >2022-09-06 12:28:45<\/span><span class='av-structured-data'  itemprop=\"mainEntityOfPage\" itemtype=\"https:\/\/schema.org\/mainEntityOfPage\" ><span itemprop='name'>Er\u00f6ffnung einer Nerven\u00e4rztlichen Praxis in Wolfenb\u00fcttel ab Januar 2021<\/span><\/span><\/span><\/article><div class='bloglist-excerpt'><\/div><\/div><\/div>\n<div  class='av_gmaps_sc_main_wrap av_gmaps_main_wrap '><div id='av_gmap_0' class='avia-google-map-container avia-google-map-sc av_gmaps_show_unconditionally av-no-fallback-img ' data-mapid='av_gmap_0'  style='height: 400px;'><a class=\"av_gmaps_browser_disabled av_text_confirm_link av_text_confirm_link_visible\" href=\"https:\/\/www.google.com\/maps\/search\/?api=1&#038;query=Neuer%20Weg%2051c%2038302%20Wolfenb\u00fcttel\" target=\"_blank\">Aufgrund deiner Datenschutz-Einstellungen k\u00f6nnen wir Ihnen die Karte nicht anzeigen. Klicken Sie hier, um die Karte in einem neuen Fenster zu \u00f6ffnen.<\/a><\/div><\/div>\n","protected":false},"excerpt":{"rendered":"","protected":false},"author":1,"featured_media":0,"parent":0,"menu_order":0,"comment_status":"closed","ping_status":"closed","template":"","meta":{"footnotes":""},"class_list":["post-278","page","type-page","status-publish","hentry"],"_links":{"self":[{"href":"https:\/\/www.nervenarztpraxis-wf.de\/index.php?rest_route=\/wp\/v2\/pages\/278","targetHints":{"allow":["GET"]}}],"collection":[{"href":"https:\/\/www.nervenarztpraxis-wf.de\/index.php?rest_route=\/wp\/v2\/pages"}],"about":[{"href":"https:\/\/www.nervenarztpraxis-wf.de\/index.php?rest_route=\/wp\/v2\/types\/page"}],"author":[{"embeddable":true,"href":"https:\/\/www.nervenarztpraxis-wf.de\/index.php?rest_route=\/wp\/v2\/users\/1"}],"replies":[{"embeddable":true,"href":"https:\/\/www.nervenarztpraxis-wf.de\/index.php?rest_route=%2Fwp%2Fv2%2Fcomments&post=278"}],"version-history":[{"count":9,"href":"https:\/\/www.nervenarztpraxis-wf.de\/index.php?rest_route=\/wp\/v2\/pages\/278\/revisions"}],"predecessor-version":[{"id":420,"href":"https:\/\/www.nervenarztpraxis-wf.de\/index.php?rest_route=\/wp\/v2\/pages\/278\/revisions\/420"}],"wp:attachment":[{"href":"https:\/\/www.nervenarztpraxis-wf.de\/index.php?rest_route=%2Fwp%2Fv2%2Fmedia&parent=278"}],"curies":[{"name":"wp","href":"https:\/\/api.w.org\/{rel}","templated":true}]}}